{"id":4355,"date":"2025-10-29T20:38:04","date_gmt":"2025-10-29T19:38:04","guid":{"rendered":"https:\/\/lysebu.cloud10.nordic.hosting\/activity-calendar\/"},"modified":"2025-11-05T11:52:04","modified_gmt":"2025-11-05T10:52:04","slug":"activity-calendar","status":"publish","type":"page","link":"https:\/\/lysebu.no\/en\/activity-calendar\/","title":{"rendered":"Activity Calendar"},"content":{"rendered":"\t\t<div data-elementor-type=\"wp-page\" data-elementor-id=\"4355\" class=\"elementor elementor-4355 elementor-4271\" data-elementor-post-type=\"page\">\n\t\t\t\t\t\t<section class=\"elementor-section elementor-top-section elementor-element elementor-element-bd764f9 elementor-section-boxed elementor-section-height-default elementor-section-height-default\" data-id=\"bd764f9\" data-element_type=\"section\" data-e-type=\"section\">\n\t\t\t\t\t\t<div class=\"elementor-container elementor-column-gap-default\">\n\t\t\t\t\t<div class=\"elementor-column elementor-col-100 elementor-top-column elementor-element elementor-element-accbfca\" data-id=\"accbfca\" data-element_type=\"column\" data-e-type=\"column\">\n\t\t\t<div class=\"elementor-widget-wrap\">\n\t\t\t\t\t\t\t<\/div>\n\t\t<\/div>\n\t\t\t\t\t<\/div>\n\t\t<\/section>\n\t\t\t\t<section class=\"elementor-section elementor-top-section elementor-element elementor-element-b6b0d7c elementor-section-boxed elementor-section-height-default elementor-section-height-default\" data-id=\"b6b0d7c\" data-element_type=\"section\" data-e-type=\"section\">\n\t\t\t\t\t\t<div class=\"elementor-container elementor-column-gap-default\">\n\t\t\t\t\t<div class=\"elementor-column elementor-col-100 elementor-top-column elementor-element elementor-element-e7daf35\" data-id=\"e7daf35\" data-element_type=\"column\" data-e-type=\"column\">\n\t\t\t<div class=\"elementor-widget-wrap elementor-element-populated\">\n\t\t\t\t\t\t<section class=\"elementor-section elementor-inner-section elementor-element elementor-element-5ba9d61 elementor-section-boxed elementor-section-height-default elementor-section-height-default\" data-id=\"5ba9d61\" data-element_type=\"section\" data-e-type=\"section\">\n\t\t\t\t\t\t<div class=\"elementor-container elementor-column-gap-wide\">\n\t\t\t\t\t<div class=\"elementor-column elementor-col-100 elementor-inner-column elementor-element elementor-element-764b2f9\" data-id=\"764b2f9\" data-element_type=\"column\" data-e-type=\"column\">\n\t\t\t<div class=\"elementor-widget-wrap elementor-element-populated\">\n\t\t\t\t\t\t<div class=\"elementor-element elementor-element-bb455f2 elementor-widget elementor-widget-heading\" data-id=\"bb455f2\" data-element_type=\"widget\" data-e-type=\"widget\" data-widget_type=\"heading.default\">\n\t\t\t\t\t<h3 class=\"elementor-heading-title elementor-size-default\">Activity Calendar<\/h3>\t\t\t\t<\/div>\n\t\t\t\t<div class=\"elementor-element elementor-element-77bb5d7 elementor-widget elementor-widget-spacer\" data-id=\"77bb5d7\" data-element_type=\"widget\" data-e-type=\"widget\" data-widget_type=\"spacer.default\">\n\t\t\t\t\t\t\t<div class=\"elementor-spacer\">\n\t\t\t<div class=\"elementor-spacer-inner\"><\/div>\n\t\t<\/div>\n\t\t\t\t\t\t<\/div>\n\t\t\t\t<div class=\"elementor-element elementor-element-cb1afa0 elementor-widget elementor-widget-text-editor\" data-id=\"cb1afa0\" data-element_type=\"widget\" data-e-type=\"widget\" data-widget_type=\"text-editor.default\">\n\t\t\t\t\t\t\t\t\t<p style=\"text-align: center;\">Here you will find upcoming events at Lysebu. If you have requests for a customized activity, please contact us and we will assist you.<\/p>\t\t\t\t\t\t\t\t<\/div>\n\t\t\t\t<div class=\"elementor-element elementor-element-2b7d352 elementor-widget elementor-widget-spacer\" data-id=\"2b7d352\" data-element_type=\"widget\" data-e-type=\"widget\" data-widget_type=\"spacer.default\">\n\t\t\t\t\t\t\t<div class=\"elementor-spacer\">\n\t\t\t<div class=\"elementor-spacer-inner\"><\/div>\n\t\t<\/div>\n\t\t\t\t\t\t<\/div>\n\t\t\t\t\t<\/div>\n\t\t<\/div>\n\t\t\t\t\t<\/div>\n\t\t<\/section>\n\t\t\t\t<div class=\"elementor-element elementor-element-11208de preserve-img-ratio-cover elementor-widget elementor-widget-the7_elements\" data-id=\"11208de\" data-element_type=\"widget\" data-e-type=\"widget\" data-widget_type=\"the7_elements.default\">\n\t\t\t\t<div class=\"elementor-widget-container\">\n\t\t\t\t\t<div class=\"portfolio-shortcode the7-elementor-widget the7_elements-11208de mode-masonry classic-layout-list description-under-image quick-scale-img meta-info-off content-bg-on enable-bg-rollover resize-by-browser-width loading-effect-none jquery-filter\" data-padding=\"15px\" data-mobile-columns-num=\"1\" data-tablet-columns-num=\"2\" data-desktop-columns-num=\"2\" data-wide-desktop-columns-num=\"2\" data-post-limit=\"-1\" data-pagination-mode=\"none\" data-scroll-offset=\"\" aria-live=\"assertive\"><div class=\"iso-container dt-isotope custom-iso-columns\"><div class=\"visible wf-cell iso-item\" data-post-id=\"6499\" data-date=\"2026-04-22T12:27:24+02:00\" data-name=\"08.05.26 Champagne Wine Tasting\"><article class=\"post visible post-6499 type-post status-publish format-standard has-post-thumbnail hentry category-activity-calendar tag-drink tag-event tag-wine tag-wine-tasting category-56 description-off\" data-name=\"08.05.26 Champagne Wine Tasting\" data-date=\"2026-04-22T12:27:24+02:00\">\n\n\t<div class=\"post-thumbnail-wrap\">\n\t\t<div class=\"post-thumbnail\">\n\n\t\t\t<a class=\"post-thumbnail-rollover layzr-bg img-css-resize-wrapper\" aria-label=\"Post image\" href=\"https:\/\/lysebu.no\/en\/06-02-26-wine-tasting-bordeaux\/\"><img fetchpriority=\"high\" decoding=\"async\" width=\"2560\" height=\"1703\" src=\"data:image\/svg+xml,%3Csvg%20xmlns%3D&#039;http%3A%2F%2Fwww.w3.org%2F2000%2Fsvg&#039;%20viewBox%3D&#039;0%200%202560%201703&#039;%2F%3E\" class=\"attachment-full size-full preload-me aspect lazy lazy-load\" alt=\"\" sizes=\"(max-width: 2560px) 100vw, 2560px\" style=\"--ratio: 2560 \/ 1703;\" data-src=\"https:\/\/lysebu.no\/wp-content\/uploads\/2026\/01\/DSC_1097-scaled.jpg\" loading=\"eager\" data-srcset=\"https:\/\/lysebu.no\/wp-content\/uploads\/2026\/01\/DSC_1097-scaled.jpg 2560w, https:\/\/lysebu.no\/wp-content\/uploads\/2026\/01\/DSC_1097-300x200.jpg 300w, https:\/\/lysebu.no\/wp-content\/uploads\/2026\/01\/DSC_1097-1024x681.jpg 1024w, https:\/\/lysebu.no\/wp-content\/uploads\/2026\/01\/DSC_1097-768x511.jpg 768w, https:\/\/lysebu.no\/wp-content\/uploads\/2026\/01\/DSC_1097-1536x1022.jpg 1536w, https:\/\/lysebu.no\/wp-content\/uploads\/2026\/01\/DSC_1097-2048x1363.jpg 2048w, https:\/\/lysebu.no\/wp-content\/uploads\/2026\/01\/DSC_1097-1000x665.jpg 1000w\" \/><span class=\"the7-hover-icon\"><svg aria-hidden=\"true\" class=\"e-font-icon-svg e-fas-plus\" viewBox=\"0 0 448 512\" xmlns=\"http:\/\/www.w3.org\/2000\/svg\"><path d=\"M416 208H272V64c0-17.67-14.33-32-32-32h-32c-17.67 0-32 14.33-32 32v144H32c-17.67 0-32 14.33-32 32v32c0 17.67 14.33 32 32 32h144v144c0 17.67 14.33 32 32 32h32c17.67 0 32-14.33 32-32V304h144c17.67 0 32-14.33 32-32v-32c0-17.67-14.33-32-32-32z\"><\/path><\/svg><\/span><\/a>\n\t\t<\/div>\n\t<\/div>\n\n\n<div class=\"post-entry-content\">\n\n\t<h3 class=\"ele-entry-title\"><a href=\"https:\/\/lysebu.no\/en\/06-02-26-wine-tasting-bordeaux\/\" rel=\"bookmark\" title=\"08.05.26 Champagne Wine Tasting\">08.05.26 Champagne Wine Tasting<\/a><\/h3><div class=\"entry-excerpt\"><p>Wine tasting with champagne and sparkling wine Welcome to a sparkling wine tasting at Lysebu, focusing on champagne and sparkling wine. This evening, you will&hellip;<\/p>\n<\/div><a href=\"https:\/\/lysebu.no\/en\/06-02-26-wine-tasting-bordeaux\/\" target=\"\" aria-label=\"Read more about 08.05.26 Champagne Wine Tasting\" class=\"box-button elementor-button elementor-size-xs\">Read more<\/a>\n<\/div><\/article><\/div><div class=\"visible wf-cell iso-item\" data-post-id=\"7219\" data-date=\"2026-04-22T10:23:38+02:00\" data-name=\"11.05.26 Art and History Tour - The Queen&#039;s Room\"><article class=\"post visible post-7219 type-post status-publish format-standard has-post-thumbnail hentry category-activity-calendar tag-art tag-event tag-history tag-the-queens-room\" data-name=\"11.05.26 Art and History Tour &#8211; The Queen&#8217;s Room\" data-date=\"2026-04-22T10:23:38+02:00\">\n\n\t<div class=\"post-thumbnail-wrap\">\n\t\t<div class=\"post-thumbnail\">\n\n\t\t\t<a class=\"post-thumbnail-rollover layzr-bg img-css-resize-wrapper\" aria-label=\"Post image\" href=\"https:\/\/lysebu.no\/en\/11-05-26-art-and-history-tour-the-queens-room\/\"><img decoding=\"async\" width=\"1920\" height=\"1440\" src=\"data:image\/svg+xml,%3Csvg%20xmlns%3D&#039;http%3A%2F%2Fwww.w3.org%2F2000%2Fsvg&#039;%20viewBox%3D&#039;0%200%201920%201440&#039;%2F%3E\" class=\"attachment-full size-full preload-me aspect lazy lazy-load\" alt=\"\" sizes=\"(max-width: 1920px) 100vw, 1920px\" style=\"--ratio: 1920 \/ 1440;\" data-src=\"https:\/\/lysebu.no\/wp-content\/uploads\/2026\/04\/dronningstuen-dronningkunst.jpeg\" loading=\"eager\" data-srcset=\"https:\/\/lysebu.no\/wp-content\/uploads\/2026\/04\/dronningstuen-dronningkunst.jpeg 1920w, https:\/\/lysebu.no\/wp-content\/uploads\/2026\/04\/dronningstuen-dronningkunst-300x225.jpeg 300w, https:\/\/lysebu.no\/wp-content\/uploads\/2026\/04\/dronningstuen-dronningkunst-1024x768.jpeg 1024w, https:\/\/lysebu.no\/wp-content\/uploads\/2026\/04\/dronningstuen-dronningkunst-768x576.jpeg 768w, https:\/\/lysebu.no\/wp-content\/uploads\/2026\/04\/dronningstuen-dronningkunst-1536x1152.jpeg 1536w, https:\/\/lysebu.no\/wp-content\/uploads\/2026\/04\/dronningstuen-dronningkunst-1000x750.jpeg 1000w\" \/><span class=\"the7-hover-icon\"><svg aria-hidden=\"true\" class=\"e-font-icon-svg e-fas-plus\" viewBox=\"0 0 448 512\" xmlns=\"http:\/\/www.w3.org\/2000\/svg\"><path d=\"M416 208H272V64c0-17.67-14.33-32-32-32h-32c-17.67 0-32 14.33-32 32v144H32c-17.67 0-32 14.33-32 32v32c0 17.67 14.33 32 32 32h144v144c0 17.67 14.33 32 32 32h32c17.67 0 32-14.33 32-32V304h144c17.67 0 32-14.33 32-32v-32c0-17.67-14.33-32-32-32z\"><\/path><\/svg><\/span><\/a>\n\t\t<\/div>\n\t<\/div>\n\n\n<div class=\"post-entry-content\">\n\n\t<h3 class=\"ele-entry-title\"><a href=\"https:\/\/lysebu.no\/en\/11-05-26-art-and-history-tour-the-queens-room\/\" rel=\"bookmark\" title=\"11.05.26 Art and History Tour &#8211; The Queen&#8217;s Room\">11.05.26 Art and History Tour &#8211; The Queen&#8217;s Room<\/a><\/h3><div class=\"entry-excerpt\"><p>Art and History Tour at Lysebu Welcome to a very special art and history tour at Lysebu, led by our director Pernille Christensen. Program On&hellip;<\/p>\n<\/div><a href=\"https:\/\/lysebu.no\/en\/11-05-26-art-and-history-tour-the-queens-room\/\" target=\"\" aria-label=\"Read more about 11.05.26 Art and History Tour &#8211; The Queen&#8217;s Room\" class=\"box-button elementor-button elementor-size-xs\">Read more<\/a>\n<\/div><\/article><\/div><div class=\"visible wf-cell iso-item\" data-post-id=\"7282\" data-date=\"2026-04-21T10:33:36+02:00\" data-name=\"May 17, 2026: Celebrate the National Day at Lysebu\"><article class=\"post visible post-7282 type-post status-publish format-standard has-post-thumbnail hentry category-activity-calendar tag-event-2 tag-may-17th\" data-name=\"May 17, 2026: Celebrate the National Day at Lysebu\" data-date=\"2026-04-21T10:33:36+02:00\">\n\n\t<div class=\"post-thumbnail-wrap\">\n\t\t<div class=\"post-thumbnail\">\n\n\t\t\t<a class=\"post-thumbnail-rollover layzr-bg img-css-resize-wrapper\" aria-label=\"Post image\" href=\"https:\/\/lysebu.no\/en\/may-17th-at-lysebu\/\"><img decoding=\"async\" width=\"1066\" height=\"1600\" src=\"data:image\/svg+xml,%3Csvg%20xmlns%3D&#039;http%3A%2F%2Fwww.w3.org%2F2000%2Fsvg&#039;%20viewBox%3D&#039;0%200%201066%201600&#039;%2F%3E\" class=\"attachment-full size-full preload-me aspect lazy lazy-load\" alt=\"\" sizes=\"(max-width: 1066px) 100vw, 1066px\" style=\"--ratio: 1066 \/ 1600;\" data-src=\"https:\/\/lysebu.no\/wp-content\/uploads\/2026\/03\/17.mai_.jpg\" loading=\"eager\" data-srcset=\"https:\/\/lysebu.no\/wp-content\/uploads\/2026\/03\/17.mai_.jpg 1066w, https:\/\/lysebu.no\/wp-content\/uploads\/2026\/03\/17.mai_-200x300.jpg 200w, https:\/\/lysebu.no\/wp-content\/uploads\/2026\/03\/17.mai_-682x1024.jpg 682w, https:\/\/lysebu.no\/wp-content\/uploads\/2026\/03\/17.mai_-768x1153.jpg 768w, https:\/\/lysebu.no\/wp-content\/uploads\/2026\/03\/17.mai_-1023x1536.jpg 1023w, https:\/\/lysebu.no\/wp-content\/uploads\/2026\/03\/17.mai_-1000x1501.jpg 1000w\" \/><span class=\"the7-hover-icon\"><svg aria-hidden=\"true\" class=\"e-font-icon-svg e-fas-plus\" viewBox=\"0 0 448 512\" xmlns=\"http:\/\/www.w3.org\/2000\/svg\"><path d=\"M416 208H272V64c0-17.67-14.33-32-32-32h-32c-17.67 0-32 14.33-32 32v144H32c-17.67 0-32 14.33-32 32v32c0 17.67 14.33 32 32 32h144v144c0 17.67 14.33 32 32 32h32c17.67 0 32-14.33 32-32V304h144c17.67 0 32-14.33 32-32v-32c0-17.67-14.33-32-32-32z\"><\/path><\/svg><\/span><\/a>\n\t\t<\/div>\n\t<\/div>\n\n\n<div class=\"post-entry-content\">\n\n\t<h3 class=\"ele-entry-title\"><a href=\"https:\/\/lysebu.no\/en\/may-17th-at-lysebu\/\" rel=\"bookmark\" title=\"May 17, 2026: Celebrate the National Day at Lysebu\">May 17, 2026: Celebrate the National Day at Lysebu<\/a><\/h3><div class=\"entry-excerpt\"><p>Welcome to our National Day celebration In keeping with tradition, we are opening our doors for a memorable May 17th celebration here at Lysebu. We&hellip;<\/p>\n<\/div><a href=\"https:\/\/lysebu.no\/en\/may-17th-at-lysebu\/\" target=\"\" aria-label=\"Read more about May 17, 2026: Celebrate the National Day at Lysebu\" class=\"box-button elementor-button elementor-size-xs\">Read more<\/a>\n<\/div><\/article><\/div><div class=\"visible wf-cell iso-item\" data-post-id=\"6945\" data-date=\"2026-04-14T08:57:19+02:00\" data-name=\"01.11.26 Opening of Jette Fr\u00f6lich\u2019s Christmas Exhibition at Lysebu!\"><article class=\"post visible post-6945 type-post status-publish format-standard has-post-thumbnail hentry category-activity-calendar tag-christmas tag-exhibition tag-jettefrolich\" data-name=\"01.11.26 Opening of Jette Fr\u00f6lich\u2019s Christmas Exhibition at Lysebu!\" data-date=\"2026-04-14T08:57:19+02:00\">\n\n\t<div class=\"post-thumbnail-wrap\">\n\t\t<div class=\"post-thumbnail\">\n\n\t\t\t<a class=\"post-thumbnail-rollover layzr-bg img-css-resize-wrapper\" aria-label=\"Post image\" href=\"https:\/\/lysebu.no\/en\/01-11-26-opening-of-jette-frolichs-christmas-exhibition-at-lysebu\/\"><img decoding=\"async\" width=\"2560\" height=\"1707\" src=\"data:image\/svg+xml,%3Csvg%20xmlns%3D&#039;http%3A%2F%2Fwww.w3.org%2F2000%2Fsvg&#039;%20viewBox%3D&#039;0%200%202560%201707&#039;%2F%3E\" class=\"attachment-full size-full preload-me aspect lazy lazy-load\" alt=\"\" sizes=\"(max-width: 2560px) 100vw, 2560px\" style=\"--ratio: 2560 \/ 1707;\" data-src=\"https:\/\/lysebu.no\/wp-content\/uploads\/2025\/09\/50A1518.jpg\" loading=\"eager\" data-srcset=\"https:\/\/lysebu.no\/wp-content\/uploads\/2025\/09\/50A1518.jpg 2560w, https:\/\/lysebu.no\/wp-content\/uploads\/2025\/09\/50A1518-1000x667.jpg 1000w, https:\/\/lysebu.no\/wp-content\/uploads\/2025\/09\/50A1518-300x200.jpg 300w, https:\/\/lysebu.no\/wp-content\/uploads\/2025\/09\/50A1518-1024x683.jpg 1024w, https:\/\/lysebu.no\/wp-content\/uploads\/2025\/09\/50A1518-768x512.jpg 768w, https:\/\/lysebu.no\/wp-content\/uploads\/2025\/09\/50A1518-1536x1024.jpg 1536w, https:\/\/lysebu.no\/wp-content\/uploads\/2025\/09\/50A1518-2048x1366.jpg 2048w\" \/><span class=\"the7-hover-icon\"><svg aria-hidden=\"true\" class=\"e-font-icon-svg e-fas-plus\" viewBox=\"0 0 448 512\" xmlns=\"http:\/\/www.w3.org\/2000\/svg\"><path d=\"M416 208H272V64c0-17.67-14.33-32-32-32h-32c-17.67 0-32 14.33-32 32v144H32c-17.67 0-32 14.33-32 32v32c0 17.67 14.33 32 32 32h144v144c0 17.67 14.33 32 32 32h32c17.67 0 32-14.33 32-32V304h144c17.67 0 32-14.33 32-32v-32c0-17.67-14.33-32-32-32z\"><\/path><\/svg><\/span><\/a>\n\t\t<\/div>\n\t<\/div>\n\n\n<div class=\"post-entry-content\">\n\n\t<h3 class=\"ele-entry-title\"><a href=\"https:\/\/lysebu.no\/en\/01-11-26-opening-of-jette-frolichs-christmas-exhibition-at-lysebu\/\" rel=\"bookmark\" title=\"01.11.26 Opening of Jette Fr\u00f6lich\u2019s Christmas Exhibition at Lysebu!\">01.11.26 Opening of Jette Fr\u00f6lich\u2019s Christmas Exhibition at Lysebu!<\/a><\/h3><div class=\"entry-excerpt\"><p>Welcome to the opening of Jette Fr\u00f6lich\u2019s Christmas Exhibition at Lysebu! \ud83c\udf84 On November 1, 2026, at 1:00 PM, we invite you to a cozy&hellip;<\/p>\n<\/div><a href=\"https:\/\/lysebu.no\/en\/01-11-26-opening-of-jette-frolichs-christmas-exhibition-at-lysebu\/\" target=\"\" aria-label=\"Read more about 01.11.26 Opening of Jette Fr\u00f6lich\u2019s Christmas Exhibition at Lysebu!\" class=\"box-button elementor-button elementor-size-xs\">Read more<\/a>\n<\/div><\/article><\/div><div class=\"visible wf-cell iso-item\" data-post-id=\"7223\" data-date=\"2026-03-30T13:14:22+02:00\" data-name=\"27.05.26 Art and History Tour Dronningstuen\"><article class=\"post visible post-7223 type-post status-publish format-standard has-post-thumbnail hentry category-activity-calendar\" data-name=\"27.05.26 Art and History Tour Dronningstuen\" data-date=\"2026-03-30T13:14:22+02:00\">\n\n\t<div class=\"post-thumbnail-wrap\">\n\t\t<div class=\"post-thumbnail\">\n\n\t\t\t<a class=\"post-thumbnail-rollover layzr-bg img-css-resize-wrapper\" aria-label=\"Post image\" href=\"https:\/\/lysebu.no\/en\/27-05-26-art-and-history-tour-dronningstuen\/\"><img decoding=\"async\" width=\"1920\" height=\"1440\" src=\"data:image\/svg+xml,%3Csvg%20xmlns%3D&#039;http%3A%2F%2Fwww.w3.org%2F2000%2Fsvg&#039;%20viewBox%3D&#039;0%200%201920%201440&#039;%2F%3E\" class=\"attachment-full size-full preload-me aspect lazy lazy-load\" alt=\"\" sizes=\"(max-width: 1920px) 100vw, 1920px\" style=\"--ratio: 1920 \/ 1440;\" data-src=\"https:\/\/lysebu.no\/wp-content\/uploads\/2026\/04\/dronningstuen-dronningkunst.jpeg\" loading=\"eager\" data-srcset=\"https:\/\/lysebu.no\/wp-content\/uploads\/2026\/04\/dronningstuen-dronningkunst.jpeg 1920w, https:\/\/lysebu.no\/wp-content\/uploads\/2026\/04\/dronningstuen-dronningkunst-300x225.jpeg 300w, https:\/\/lysebu.no\/wp-content\/uploads\/2026\/04\/dronningstuen-dronningkunst-1024x768.jpeg 1024w, https:\/\/lysebu.no\/wp-content\/uploads\/2026\/04\/dronningstuen-dronningkunst-768x576.jpeg 768w, https:\/\/lysebu.no\/wp-content\/uploads\/2026\/04\/dronningstuen-dronningkunst-1536x1152.jpeg 1536w, https:\/\/lysebu.no\/wp-content\/uploads\/2026\/04\/dronningstuen-dronningkunst-1000x750.jpeg 1000w\" \/><span class=\"the7-hover-icon\"><svg aria-hidden=\"true\" class=\"e-font-icon-svg e-fas-plus\" viewBox=\"0 0 448 512\" xmlns=\"http:\/\/www.w3.org\/2000\/svg\"><path d=\"M416 208H272V64c0-17.67-14.33-32-32-32h-32c-17.67 0-32 14.33-32 32v144H32c-17.67 0-32 14.33-32 32v32c0 17.67 14.33 32 32 32h144v144c0 17.67 14.33 32 32 32h32c17.67 0 32-14.33 32-32V304h144c17.67 0 32-14.33 32-32v-32c0-17.67-14.33-32-32-32z\"><\/path><\/svg><\/span><\/a>\n\t\t<\/div>\n\t<\/div>\n\n\n<div class=\"post-entry-content\">\n\n\t<h3 class=\"ele-entry-title\"><a href=\"https:\/\/lysebu.no\/en\/27-05-26-art-and-history-tour-dronningstuen\/\" rel=\"bookmark\" title=\"27.05.26 Art and History Tour Dronningstuen\">27.05.26 Art and History Tour Dronningstuen<\/a><\/h3><div class=\"entry-excerpt\"><p>Art and History Tour at Lysebu Welcome to a very special art and history tour at Lysebu, led by our director Pernille Christensen. Program On&hellip;<\/p>\n<\/div><a href=\"https:\/\/lysebu.no\/en\/27-05-26-art-and-history-tour-dronningstuen\/\" target=\"\" aria-label=\"Read more about 27.05.26 Art and History Tour Dronningstuen\" class=\"box-button elementor-button elementor-size-xs\">Read more<\/a>\n<\/div><\/article><\/div><div class=\"visible wf-cell iso-item\" data-post-id=\"7251\" data-date=\"2026-03-29T13:14:03+02:00\" data-name=\"02.06.26 Concert with the Friends of the Oslo Philharmonic\"><article class=\"post visible post-7251 type-post status-publish format-standard has-post-thumbnail hentry category-activity-calendar category-uncategorized\" data-name=\"02.06.26 Concert with the Friends of the Oslo Philharmonic\" data-date=\"2026-03-29T13:14:03+02:00\">\n\n\t<div class=\"post-thumbnail-wrap\">\n\t\t<div class=\"post-thumbnail\">\n\n\t\t\t<a class=\"post-thumbnail-rollover layzr-bg img-css-resize-wrapper\" aria-label=\"Post image\" href=\"https:\/\/lysebu.no\/en\/02-06-26-concert-with-the-friends-of-the-oslo-philharmonic\/\"><img decoding=\"async\" width=\"2560\" height=\"1920\" src=\"data:image\/svg+xml,%3Csvg%20xmlns%3D&#039;http%3A%2F%2Fwww.w3.org%2F2000%2Fsvg&#039;%20viewBox%3D&#039;0%200%202560%201920&#039;%2F%3E\" class=\"attachment-full size-full preload-me aspect lazy lazy-load\" alt=\"\" sizes=\"(max-width: 2560px) 100vw, 2560px\" style=\"--ratio: 2560 \/ 1920;\" data-src=\"https:\/\/lysebu.no\/wp-content\/uploads\/2026\/03\/DSC00535-scaled.jpg\" loading=\"eager\" data-srcset=\"https:\/\/lysebu.no\/wp-content\/uploads\/2026\/03\/DSC00535-scaled.jpg 2560w, https:\/\/lysebu.no\/wp-content\/uploads\/2026\/03\/DSC00535-300x225.jpg 300w, https:\/\/lysebu.no\/wp-content\/uploads\/2026\/03\/DSC00535-1024x768.jpg 1024w, https:\/\/lysebu.no\/wp-content\/uploads\/2026\/03\/DSC00535-768x576.jpg 768w, https:\/\/lysebu.no\/wp-content\/uploads\/2026\/03\/DSC00535-1536x1152.jpg 1536w, https:\/\/lysebu.no\/wp-content\/uploads\/2026\/03\/DSC00535-2048x1536.jpg 2048w, https:\/\/lysebu.no\/wp-content\/uploads\/2026\/03\/DSC00535-1000x750.jpg 1000w\" \/><span class=\"the7-hover-icon\"><svg aria-hidden=\"true\" class=\"e-font-icon-svg e-fas-plus\" viewBox=\"0 0 448 512\" xmlns=\"http:\/\/www.w3.org\/2000\/svg\"><path d=\"M416 208H272V64c0-17.67-14.33-32-32-32h-32c-17.67 0-32 14.33-32 32v144H32c-17.67 0-32 14.33-32 32v32c0 17.67 14.33 32 32 32h144v144c0 17.67 14.33 32 32 32h32c17.67 0 32-14.33 32-32V304h144c17.67 0 32-14.33 32-32v-32c0-17.67-14.33-32-32-32z\"><\/path><\/svg><\/span><\/a>\n\t\t<\/div>\n\t<\/div>\n\n\n<div class=\"post-entry-content\">\n\n\t<h3 class=\"ele-entry-title\"><a href=\"https:\/\/lysebu.no\/en\/02-06-26-concert-with-the-friends-of-the-oslo-philharmonic\/\" rel=\"bookmark\" title=\"02.06.26 Concert with the Friends of the Oslo Philharmonic\">02.06.26 Concert with the Friends of the Oslo Philharmonic<\/a><\/h3><div class=\"entry-excerpt\"><p>Concert and Lecture On Tuesday, June 2, 2026, there will be a concert with the Friends of the Oslo Philharmonic and a lecture by Are&hellip;<\/p>\n<\/div><a href=\"https:\/\/lysebu.no\/en\/02-06-26-concert-with-the-friends-of-the-oslo-philharmonic\/\" target=\"\" aria-label=\"Read more about 02.06.26 Concert with the Friends of the Oslo Philharmonic\" class=\"box-button elementor-button elementor-size-xs\">Read more<\/a>\n<\/div><\/article><\/div><div class=\"visible wf-cell iso-item\" data-post-id=\"7306\" data-date=\"2026-03-28T09:35:05+01:00\" data-name=\"06\/09\/26 Concert with Kor X\"><article class=\"post visible post-7306 type-post status-publish format-standard has-post-thumbnail hentry category-activity-calendar tag-choir tag-concert tag-nordic-music\" data-name=\"06\/09\/26 Concert with Kor X\" data-date=\"2026-03-28T09:35:05+01:00\">\n\n\t<div class=\"post-thumbnail-wrap\">\n\t\t<div class=\"post-thumbnail\">\n\n\t\t\t<a class=\"post-thumbnail-rollover layzr-bg img-css-resize-wrapper\" aria-label=\"Post image\" href=\"https:\/\/lysebu.no\/en\/06-09-26-concert-with-kor-x\/\"><img decoding=\"async\" width=\"2560\" height=\"1707\" src=\"data:image\/svg+xml,%3Csvg%20xmlns%3D&#039;http%3A%2F%2Fwww.w3.org%2F2000%2Fsvg&#039;%20viewBox%3D&#039;0%200%202560%201707&#039;%2F%3E\" class=\"attachment-full size-full preload-me aspect lazy lazy-load\" alt=\"\" sizes=\"(max-width: 2560px) 100vw, 2560px\" style=\"--ratio: 2560 \/ 1707;\" data-src=\"https:\/\/lysebu.no\/wp-content\/uploads\/2026\/04\/IMG_2272-scaled.jpg\" loading=\"eager\" data-srcset=\"https:\/\/lysebu.no\/wp-content\/uploads\/2026\/04\/IMG_2272-scaled.jpg 2560w, https:\/\/lysebu.no\/wp-content\/uploads\/2026\/04\/IMG_2272-300x200.jpg 300w, https:\/\/lysebu.no\/wp-content\/uploads\/2026\/04\/IMG_2272-1024x683.jpg 1024w, https:\/\/lysebu.no\/wp-content\/uploads\/2026\/04\/IMG_2272-768x512.jpg 768w, https:\/\/lysebu.no\/wp-content\/uploads\/2026\/04\/IMG_2272-1536x1024.jpg 1536w, https:\/\/lysebu.no\/wp-content\/uploads\/2026\/04\/IMG_2272-2048x1365.jpg 2048w, https:\/\/lysebu.no\/wp-content\/uploads\/2026\/04\/IMG_2272-1000x667.jpg 1000w\" \/><span class=\"the7-hover-icon\"><svg aria-hidden=\"true\" class=\"e-font-icon-svg e-fas-plus\" viewBox=\"0 0 448 512\" xmlns=\"http:\/\/www.w3.org\/2000\/svg\"><path d=\"M416 208H272V64c0-17.67-14.33-32-32-32h-32c-17.67 0-32 14.33-32 32v144H32c-17.67 0-32 14.33-32 32v32c0 17.67 14.33 32 32 32h144v144c0 17.67 14.33 32 32 32h32c17.67 0 32-14.33 32-32V304h144c17.67 0 32-14.33 32-32v-32c0-17.67-14.33-32-32-32z\"><\/path><\/svg><\/span><\/a>\n\t\t<\/div>\n\t<\/div>\n\n\n<div class=\"post-entry-content\">\n\n\t<h3 class=\"ele-entry-title\"><a href=\"https:\/\/lysebu.no\/en\/06-09-26-concert-with-kor-x\/\" rel=\"bookmark\" title=\"06\/09\/26 Concert with Kor X\">06\/09\/26 Concert with Kor X<\/a><\/h3><div class=\"entry-excerpt\"><p>NORDIC ATMOSPHERES Join us for a concert with Kor X at Lysebu on Tuesday, June 9! On Tuesday, June 9, 2026, from 6:00 PM to&hellip;<\/p>\n<\/div><a href=\"https:\/\/lysebu.no\/en\/06-09-26-concert-with-kor-x\/\" target=\"\" aria-label=\"Read more about 06\/09\/26 Concert with Kor X\" class=\"box-button elementor-button elementor-size-xs\">Read more<\/a>\n<\/div><\/article><\/div><div class=\"visible wf-cell iso-item\" data-post-id=\"6854\" data-date=\"2026-03-19T14:01:39+01:00\" data-name=\"World Cup 19-22.mars\"><article class=\"post visible post-6854 type-post status-publish format-standard has-post-thumbnail hentry category-activity-calendar category-uncategorized\" data-name=\"World Cup 19-22.mars\" data-date=\"2026-03-19T14:01:39+01:00\">\n\n\t<div class=\"post-thumbnail-wrap\">\n\t\t<div class=\"post-thumbnail\">\n\n\t\t\t<a class=\"post-thumbnail-rollover layzr-bg img-css-resize-wrapper\" aria-label=\"Post image\" href=\"https:\/\/lysebu.no\/en\/world-cup-19-22-mars\/\"><img decoding=\"async\" width=\"2560\" height=\"2038\" src=\"data:image\/svg+xml,%3Csvg%20xmlns%3D&#039;http%3A%2F%2Fwww.w3.org%2F2000%2Fsvg&#039;%20viewBox%3D&#039;0%200%202560%202038&#039;%2F%3E\" class=\"attachment-full size-full preload-me aspect lazy lazy-load\" alt=\"\" sizes=\"(max-width: 2560px) 100vw, 2560px\" style=\"--ratio: 2560 \/ 2038;\" data-src=\"https:\/\/lysebu.no\/wp-content\/uploads\/2026\/03\/Bilde5-1-scaled.jpg\" loading=\"eager\" data-srcset=\"https:\/\/lysebu.no\/wp-content\/uploads\/2026\/03\/Bilde5-1-scaled.jpg 2560w, https:\/\/lysebu.no\/wp-content\/uploads\/2026\/03\/Bilde5-1-300x239.jpg 300w, https:\/\/lysebu.no\/wp-content\/uploads\/2026\/03\/Bilde5-1-1024x815.jpg 1024w, https:\/\/lysebu.no\/wp-content\/uploads\/2026\/03\/Bilde5-1-768x612.jpg 768w, https:\/\/lysebu.no\/wp-content\/uploads\/2026\/03\/Bilde5-1-1536x1223.jpg 1536w, https:\/\/lysebu.no\/wp-content\/uploads\/2026\/03\/Bilde5-1-2048x1631.jpg 2048w, https:\/\/lysebu.no\/wp-content\/uploads\/2026\/03\/Bilde5-1-1000x796.jpg 1000w\" \/><span class=\"the7-hover-icon\"><svg aria-hidden=\"true\" class=\"e-font-icon-svg e-fas-plus\" viewBox=\"0 0 448 512\" xmlns=\"http:\/\/www.w3.org\/2000\/svg\"><path d=\"M416 208H272V64c0-17.67-14.33-32-32-32h-32c-17.67 0-32 14.33-32 32v144H32c-17.67 0-32 14.33-32 32v32c0 17.67 14.33 32 32 32h144v144c0 17.67 14.33 32 32 32h32c17.67 0 32-14.33 32-32V304h144c17.67 0 32-14.33 32-32v-32c0-17.67-14.33-32-32-32z\"><\/path><\/svg><\/span><\/a>\n\t\t<\/div>\n\t<\/div>\n\n\n<div class=\"post-entry-content\">\n\n\t<h3 class=\"ele-entry-title\"><a href=\"https:\/\/lysebu.no\/en\/world-cup-19-22-mars\/\" rel=\"bookmark\" title=\"World Cup 19-22.mars\">World Cup 19-22.mars<\/a><\/h3><div class=\"entry-excerpt\"><p>Skifestival at Holmenkollen Welcome to a truly special weekend at Lysebu \ud83c\udf32 As the world\u2019s elite biathletes gather in Holmenkollen from March 19\u201322, 2026, everything&hellip;<\/p>\n<\/div><a href=\"https:\/\/lysebu.no\/en\/world-cup-19-22-mars\/\" target=\"\" aria-label=\"Read more about World Cup 19-22.mars\" class=\"box-button elementor-button elementor-size-xs\">Read more<\/a>\n<\/div><\/article><\/div><div class=\"visible wf-cell iso-item\" data-post-id=\"6500\" data-date=\"2026-03-02T15:20:01+01:00\" data-name=\"06.03.26 Wine Tasting Riesling\"><article class=\"post visible post-6500 type-post status-publish format-standard has-post-thumbnail hentry category-activity-calendar\" data-name=\"06.03.26 Wine Tasting Riesling\" data-date=\"2026-03-02T15:20:01+01:00\">\n\n\t<div class=\"post-thumbnail-wrap\">\n\t\t<div class=\"post-thumbnail\">\n\n\t\t\t<a class=\"post-thumbnail-rollover layzr-bg img-css-resize-wrapper\" aria-label=\"Post image\" href=\"https:\/\/lysebu.no\/en\/06-03-26-wine-tasting-riesling\/\"><img decoding=\"async\" width=\"481\" height=\"640\" src=\"data:image\/svg+xml,%3Csvg%20xmlns%3D&#039;http%3A%2F%2Fwww.w3.org%2F2000%2Fsvg&#039;%20viewBox%3D&#039;0%200%20481%20640&#039;%2F%3E\" class=\"attachment-full size-full preload-me aspect lazy lazy-load\" alt=\"\" sizes=\"(max-width: 481px) 100vw, 481px\" style=\"--ratio: 481 \/ 640;\" data-src=\"https:\/\/lysebu.no\/wp-content\/uploads\/2026\/01\/Vin-ved-mat.jpg\" loading=\"eager\" data-srcset=\"https:\/\/lysebu.no\/wp-content\/uploads\/2026\/01\/Vin-ved-mat.jpg 481w, https:\/\/lysebu.no\/wp-content\/uploads\/2026\/01\/Vin-ved-mat-225x300.jpg 225w\" \/><span class=\"the7-hover-icon\"><svg aria-hidden=\"true\" class=\"e-font-icon-svg e-fas-plus\" viewBox=\"0 0 448 512\" xmlns=\"http:\/\/www.w3.org\/2000\/svg\"><path d=\"M416 208H272V64c0-17.67-14.33-32-32-32h-32c-17.67 0-32 14.33-32 32v144H32c-17.67 0-32 14.33-32 32v32c0 17.67 14.33 32 32 32h144v144c0 17.67 14.33 32 32 32h32c17.67 0 32-14.33 32-32V304h144c17.67 0 32-14.33 32-32v-32c0-17.67-14.33-32-32-32z\"><\/path><\/svg><\/span><\/a>\n\t\t<\/div>\n\t<\/div>\n\n\n<div class=\"post-entry-content\">\n\n\t<h3 class=\"ele-entry-title\"><a href=\"https:\/\/lysebu.no\/en\/06-03-26-wine-tasting-riesling\/\" rel=\"bookmark\" title=\"06.03.26 Wine Tasting Riesling\">06.03.26 Wine Tasting Riesling<\/a><\/h3><div class=\"entry-excerpt\"><p>We invite you to a wine tasting on Friday, March 6th, in Lysebu&#8217;s atmospheric wine cellar, focusing on Riesling. \u2013 one of the world&#8217;s most&hellip;<\/p>\n<\/div><a href=\"https:\/\/lysebu.no\/en\/06-03-26-wine-tasting-riesling\/\" target=\"\" aria-label=\"Read more about 06.03.26 Wine Tasting Riesling\" class=\"box-button elementor-button elementor-size-xs\">Read more<\/a>\n<\/div><\/article><\/div><div class=\"visible wf-cell iso-item\" data-post-id=\"7276\" data-date=\"2026-02-09T13:55:51+01:00\" data-name=\"November 1, 2026: Opening of Jette Fr\u00f6lich&#039;s Christmas Exhibition\"><article class=\"post visible post-7276 type-post status-publish format-standard has-post-thumbnail hentry category-activity-calendar tag-christmas-2 tag-christmas-exhibition tag-dinnerware tag-jettefrolich\" data-name=\"November 1, 2026: Opening of Jette Fr\u00f6lich&#8217;s Christmas Exhibition\" data-date=\"2026-02-09T13:55:51+01:00\">\n\n\t<div class=\"post-thumbnail-wrap\">\n\t\t<div class=\"post-thumbnail\">\n\n\t\t\t<a class=\"post-thumbnail-rollover layzr-bg img-css-resize-wrapper\" aria-label=\"Post image\" href=\"https:\/\/lysebu.no\/en\/november-1-2026-opening-of-jette-frolichs-christmas-exhibition\/\"><img decoding=\"async\" width=\"2560\" height=\"1707\" src=\"data:image\/svg+xml,%3Csvg%20xmlns%3D&#039;http%3A%2F%2Fwww.w3.org%2F2000%2Fsvg&#039;%20viewBox%3D&#039;0%200%202560%201707&#039;%2F%3E\" class=\"attachment-full size-full preload-me aspect lazy lazy-load\" alt=\"\" sizes=\"(max-width: 2560px) 100vw, 2560px\" style=\"--ratio: 2560 \/ 1707;\" data-src=\"https:\/\/lysebu.no\/wp-content\/uploads\/2026\/04\/IMG_1089-scaled.jpg\" loading=\"eager\" data-srcset=\"https:\/\/lysebu.no\/wp-content\/uploads\/2026\/04\/IMG_1089-scaled.jpg 2560w, https:\/\/lysebu.no\/wp-content\/uploads\/2026\/04\/IMG_1089-300x200.jpg 300w, https:\/\/lysebu.no\/wp-content\/uploads\/2026\/04\/IMG_1089-1024x683.jpg 1024w, https:\/\/lysebu.no\/wp-content\/uploads\/2026\/04\/IMG_1089-768x512.jpg 768w, https:\/\/lysebu.no\/wp-content\/uploads\/2026\/04\/IMG_1089-1536x1024.jpg 1536w, https:\/\/lysebu.no\/wp-content\/uploads\/2026\/04\/IMG_1089-2048x1365.jpg 2048w, https:\/\/lysebu.no\/wp-content\/uploads\/2026\/04\/IMG_1089-1000x667.jpg 1000w\" \/><span class=\"the7-hover-icon\"><svg aria-hidden=\"true\" class=\"e-font-icon-svg e-fas-plus\" viewBox=\"0 0 448 512\" xmlns=\"http:\/\/www.w3.org\/2000\/svg\"><path d=\"M416 208H272V64c0-17.67-14.33-32-32-32h-32c-17.67 0-32 14.33-32 32v144H32c-17.67 0-32 14.33-32 32v32c0 17.67 14.33 32 32 32h144v144c0 17.67 14.33 32 32 32h32c17.67 0 32-14.33 32-32V304h144c17.67 0 32-14.33 32-32v-32c0-17.67-14.33-32-32-32z\"><\/path><\/svg><\/span><\/a>\n\t\t<\/div>\n\t<\/div>\n\n\n<div class=\"post-entry-content\">\n\n\t<h3 class=\"ele-entry-title\"><a href=\"https:\/\/lysebu.no\/en\/november-1-2026-opening-of-jette-frolichs-christmas-exhibition\/\" rel=\"bookmark\" title=\"November 1, 2026: Opening of Jette Fr\u00f6lich&#8217;s Christmas Exhibition\">November 1, 2026: Opening of Jette Fr\u00f6lich&#8217;s Christmas Exhibition<\/a><\/h3><div class=\"entry-excerpt\"><p>Welcome to the opening of Jette Fr\u00f6lich&#8217;s Christmas exhibition at Lysebu! On November 1, 2026, at 1:00 PM, we invite you to an atmospheric opening&hellip;<\/p>\n<\/div><a href=\"https:\/\/lysebu.no\/en\/november-1-2026-opening-of-jette-frolichs-christmas-exhibition\/\" target=\"\" aria-label=\"Read more about November 1, 2026: Opening of Jette Fr\u00f6lich&#8217;s Christmas Exhibition\" class=\"box-button elementor-button elementor-size-xs\">Read more<\/a>\n<\/div><\/article><\/div><div class=\"visible wf-cell iso-item\" data-post-id=\"7385\" data-date=\"2026-01-29T14:14:19+01:00\" data-name=\"Family Christmas Buffet\"><article class=\"post visible post-7385 type-post status-publish format-standard has-post-thumbnail hentry category-activity-calendar\" data-name=\"Family Christmas Buffet\" data-date=\"2026-01-29T14:14:19+01:00\">\n\n\t<div class=\"post-thumbnail-wrap\">\n\t\t<div class=\"post-thumbnail\">\n\n\t\t\t<a class=\"post-thumbnail-rollover layzr-bg img-css-resize-wrapper\" aria-label=\"Post image\" href=\"https:\/\/lysebu.no\/en\/family-christmas-buffet\/\"><img decoding=\"async\" width=\"1178\" height=\"1420\" src=\"data:image\/svg+xml,%3Csvg%20xmlns%3D&#039;http%3A%2F%2Fwww.w3.org%2F2000%2Fsvg&#039;%20viewBox%3D&#039;0%200%201178%201420&#039;%2F%3E\" class=\"attachment-full size-full preload-me aspect lazy lazy-load\" alt=\"\" sizes=\"(max-width: 1178px) 100vw, 1178px\" style=\"--ratio: 1178 \/ 1420;\" data-src=\"https:\/\/lysebu.no\/wp-content\/uploads\/2026\/04\/IMG_1892-scaled-e1777464692259.png\" loading=\"eager\" data-srcset=\"https:\/\/lysebu.no\/wp-content\/uploads\/2026\/04\/IMG_1892-scaled-e1777464692259.png 1178w, https:\/\/lysebu.no\/wp-content\/uploads\/2026\/04\/IMG_1892-scaled-e1777464692259-249x300.png 249w, https:\/\/lysebu.no\/wp-content\/uploads\/2026\/04\/IMG_1892-scaled-e1777464692259-849x1024.png 849w, https:\/\/lysebu.no\/wp-content\/uploads\/2026\/04\/IMG_1892-scaled-e1777464692259-768x926.png 768w, https:\/\/lysebu.no\/wp-content\/uploads\/2026\/04\/IMG_1892-scaled-e1777464692259-1000x1205.png 1000w\" \/><span class=\"the7-hover-icon\"><svg aria-hidden=\"true\" class=\"e-font-icon-svg e-fas-plus\" viewBox=\"0 0 448 512\" xmlns=\"http:\/\/www.w3.org\/2000\/svg\"><path d=\"M416 208H272V64c0-17.67-14.33-32-32-32h-32c-17.67 0-32 14.33-32 32v144H32c-17.67 0-32 14.33-32 32v32c0 17.67 14.33 32 32 32h144v144c0 17.67 14.33 32 32 32h32c17.67 0 32-14.33 32-32V304h144c17.67 0 32-14.33 32-32v-32c0-17.67-14.33-32-32-32z\"><\/path><\/svg><\/span><\/a>\n\t\t<\/div>\n\t<\/div>\n\n\n<div class=\"post-entry-content\">\n\n\t<h3 class=\"ele-entry-title\"><a href=\"https:\/\/lysebu.no\/en\/family-christmas-buffet\/\" rel=\"bookmark\" title=\"Family Christmas Buffet\">Family Christmas Buffet<\/a><\/h3><div class=\"entry-excerpt\"><p>Experience the true spirit of Christmas with the whole family at Lysebu&#8217;s traditional family Christmas buffet. In beautiful surroundings, embraced by winter landscapes and a&hellip;<\/p>\n<\/div><a href=\"https:\/\/lysebu.no\/en\/family-christmas-buffet\/\" target=\"\" aria-label=\"Read more about Family Christmas Buffet\" class=\"box-button elementor-button elementor-size-xs\">Read more<\/a>\n<\/div><\/article><\/div><div class=\"visible wf-cell iso-item\" data-post-id=\"6470\" data-date=\"2026-01-09T13:26:42+01:00\" data-name=\"08.03.26 &quot;A Tribute to Tove Ditlevsen&quot; (SOLD OUT)\"><article class=\"post visible post-6470 type-post status-publish format-standard has-post-thumbnail hentry category-activity-calendar\" data-name=\"08.03.26 &#8220;A Tribute to Tove Ditlevsen&#8221; (SOLD OUT)\" data-date=\"2026-01-09T13:26:42+01:00\">\n\n\t<div class=\"post-thumbnail-wrap\">\n\t\t<div class=\"post-thumbnail\">\n\n\t\t\t<a class=\"post-thumbnail-rollover layzr-bg img-css-resize-wrapper\" aria-label=\"Post image\" href=\"https:\/\/lysebu.no\/en\/march-8-international-womens-day-tribute-to-tove-ditlevsen\/\"><img decoding=\"async\" width=\"1940\" height=\"1100\" src=\"data:image\/svg+xml,%3Csvg%20xmlns%3D&#039;http%3A%2F%2Fwww.w3.org%2F2000%2Fsvg&#039;%20viewBox%3D&#039;0%200%201940%201100&#039;%2F%3E\" class=\"attachment-full size-full preload-me aspect lazy lazy-load\" alt=\"\" sizes=\"(max-width: 1940px) 100vw, 1940px\" style=\"--ratio: 1940 \/ 1100;\" data-src=\"https:\/\/lysebu.no\/wp-content\/uploads\/2026\/02\/623539588_1341166164716543_9058266287827335559_n.jpg\" loading=\"eager\" data-srcset=\"https:\/\/lysebu.no\/wp-content\/uploads\/2026\/02\/623539588_1341166164716543_9058266287827335559_n.jpg 1940w, https:\/\/lysebu.no\/wp-content\/uploads\/2026\/02\/623539588_1341166164716543_9058266287827335559_n-300x170.jpg 300w, https:\/\/lysebu.no\/wp-content\/uploads\/2026\/02\/623539588_1341166164716543_9058266287827335559_n-1024x581.jpg 1024w, https:\/\/lysebu.no\/wp-content\/uploads\/2026\/02\/623539588_1341166164716543_9058266287827335559_n-768x435.jpg 768w, https:\/\/lysebu.no\/wp-content\/uploads\/2026\/02\/623539588_1341166164716543_9058266287827335559_n-1536x871.jpg 1536w, https:\/\/lysebu.no\/wp-content\/uploads\/2026\/02\/623539588_1341166164716543_9058266287827335559_n-1000x567.jpg 1000w\" \/><span class=\"the7-hover-icon\"><svg aria-hidden=\"true\" class=\"e-font-icon-svg e-fas-plus\" viewBox=\"0 0 448 512\" xmlns=\"http:\/\/www.w3.org\/2000\/svg\"><path d=\"M416 208H272V64c0-17.67-14.33-32-32-32h-32c-17.67 0-32 14.33-32 32v144H32c-17.67 0-32 14.33-32 32v32c0 17.67 14.33 32 32 32h144v144c0 17.67 14.33 32 32 32h32c17.67 0 32-14.33 32-32V304h144c17.67 0 32-14.33 32-32v-32c0-17.67-14.33-32-32-32z\"><\/path><\/svg><\/span><\/a>\n\t\t<\/div>\n\t<\/div>\n\n\n<div class=\"post-entry-content\">\n\n\t<h3 class=\"ele-entry-title\"><a href=\"https:\/\/lysebu.no\/en\/march-8-international-womens-day-tribute-to-tove-ditlevsen\/\" rel=\"bookmark\" title=\"08.03.26 &#8220;A Tribute to Tove Ditlevsen&#8221; (SOLD OUT)\">08.03.26 &#8220;A Tribute to Tove Ditlevsen&#8221; (SOLD OUT)<\/a><\/h3><div class=\"entry-excerpt\"><p>A tribute to Tove Ditlevsen &#8211; 50 years later In connection with International Women&#8217;s Day on March 8 and the 50th anniversary of Tove Ditlevsen&#8217;s&hellip;<\/p>\n<\/div><a href=\"https:\/\/lysebu.no\/en\/march-8-international-womens-day-tribute-to-tove-ditlevsen\/\" target=\"\" aria-label=\"Read more about 08.03.26 &#8220;A Tribute to Tove Ditlevsen&#8221; (SOLD OUT)\" class=\"box-button elementor-button elementor-size-xs\">Read more<\/a>\n<\/div><\/article><\/div><div class=\"visible wf-cell iso-item\" data-post-id=\"6478\" data-date=\"2026-01-08T13:47:22+01:00\" data-name=\"03\/25\/26 Waffle Day at Lysebu\"><article class=\"post visible post-6478 type-post status-publish format-standard has-post-thumbnail hentry category-activity-calendar tag-lysebu tag-waffles tag-wellness\" data-name=\"03\/25\/26 Waffle Day at Lysebu\" data-date=\"2026-01-08T13:47:22+01:00\">\n\n\t<div class=\"post-thumbnail-wrap\">\n\t\t<div class=\"post-thumbnail\">\n\n\t\t\t<a class=\"post-thumbnail-rollover layzr-bg img-css-resize-wrapper\" aria-label=\"Post image\" href=\"https:\/\/lysebu.no\/en\/03-25-26-waffle-day-at-lysebu\/\"><img decoding=\"async\" width=\"1920\" height=\"1440\" src=\"data:image\/svg+xml,%3Csvg%20xmlns%3D&#039;http%3A%2F%2Fwww.w3.org%2F2000%2Fsvg&#039;%20viewBox%3D&#039;0%200%201920%201440&#039;%2F%3E\" class=\"attachment-full size-full preload-me aspect lazy lazy-load\" alt=\"\" sizes=\"(max-width: 1920px) 100vw, 1920px\" style=\"--ratio: 1920 \/ 1440;\" data-src=\"https:\/\/lysebu.no\/wp-content\/uploads\/2026\/02\/image00009.jpeg\" loading=\"eager\" data-srcset=\"https:\/\/lysebu.no\/wp-content\/uploads\/2026\/02\/image00009.jpeg 1920w, https:\/\/lysebu.no\/wp-content\/uploads\/2026\/02\/image00009-300x225.jpeg 300w, https:\/\/lysebu.no\/wp-content\/uploads\/2026\/02\/image00009-1024x768.jpeg 1024w, https:\/\/lysebu.no\/wp-content\/uploads\/2026\/02\/image00009-768x576.jpeg 768w, https:\/\/lysebu.no\/wp-content\/uploads\/2026\/02\/image00009-1536x1152.jpeg 1536w, https:\/\/lysebu.no\/wp-content\/uploads\/2026\/02\/image00009-1000x750.jpeg 1000w\" \/><span class=\"the7-hover-icon\"><svg aria-hidden=\"true\" class=\"e-font-icon-svg e-fas-plus\" viewBox=\"0 0 448 512\" xmlns=\"http:\/\/www.w3.org\/2000\/svg\"><path d=\"M416 208H272V64c0-17.67-14.33-32-32-32h-32c-17.67 0-32 14.33-32 32v144H32c-17.67 0-32 14.33-32 32v32c0 17.67 14.33 32 32 32h144v144c0 17.67 14.33 32 32 32h32c17.67 0 32-14.33 32-32V304h144c17.67 0 32-14.33 32-32v-32c0-17.67-14.33-32-32-32z\"><\/path><\/svg><\/span><\/a>\n\t\t<\/div>\n\t<\/div>\n\n\n<div class=\"post-entry-content\">\n\n\t<h3 class=\"ele-entry-title\"><a href=\"https:\/\/lysebu.no\/en\/03-25-26-waffle-day-at-lysebu\/\" rel=\"bookmark\" title=\"03\/25\/26 Waffle Day at Lysebu\">03\/25\/26 Waffle Day at Lysebu<\/a><\/h3><div class=\"entry-excerpt\"><p>\ud83e\uddc7 Welcome to Waffle Day at Lysebu We invite you to celebrate Waffle Day on Wednesday, March 25 at Lysebu Hotel.Enjoy a freshly made waffle&hellip;<\/p>\n<\/div><a href=\"https:\/\/lysebu.no\/en\/03-25-26-waffle-day-at-lysebu\/\" target=\"\" aria-label=\"Read more about 03\/25\/26 Waffle Day at Lysebu\" class=\"box-button elementor-button elementor-size-xs\">Read more<\/a>\n<\/div><\/article><\/div><div class=\"visible wf-cell iso-item\" data-post-id=\"5782\" data-date=\"2025-11-18T15:07:07+01:00\" data-name=\"Pre-Christmas Concert at Lysebu\"><article class=\"post visible post-5782 type-post status-publish format-standard has-post-thumbnail hentry category-activity-calendar\" data-name=\"Pre-Christmas Concert at Lysebu\" data-date=\"2025-11-18T15:07:07+01:00\">\n\n\t<div class=\"post-thumbnail-wrap\">\n\t\t<div class=\"post-thumbnail\">\n\n\t\t\t<a class=\"post-thumbnail-rollover layzr-bg img-css-resize-wrapper\" aria-label=\"Post image\" href=\"https:\/\/lysebu.no\/en\/pre-christmas-concert-at-lysebu\/\"><img decoding=\"async\" width=\"450\" height=\"600\" src=\"data:image\/svg+xml,%3Csvg%20xmlns%3D&#039;http%3A%2F%2Fwww.w3.org%2F2000%2Fsvg&#039;%20viewBox%3D&#039;0%200%20450%20600&#039;%2F%3E\" class=\"attachment-full size-full preload-me aspect lazy lazy-load\" alt=\"\" sizes=\"(max-width: 450px) 100vw, 450px\" style=\"--ratio: 450 \/ 600;\" data-src=\"https:\/\/lysebu.no\/wp-content\/uploads\/2025\/11\/Filharmonien1_450_600_90_s_c1.jpg\" loading=\"eager\" data-srcset=\"https:\/\/lysebu.no\/wp-content\/uploads\/2025\/11\/Filharmonien1_450_600_90_s_c1.jpg 450w, https:\/\/lysebu.no\/wp-content\/uploads\/2025\/11\/Filharmonien1_450_600_90_s_c1-225x300.jpg 225w\" \/><span class=\"the7-hover-icon\"><svg aria-hidden=\"true\" class=\"e-font-icon-svg e-fas-plus\" viewBox=\"0 0 448 512\" xmlns=\"http:\/\/www.w3.org\/2000\/svg\"><path d=\"M416 208H272V64c0-17.67-14.33-32-32-32h-32c-17.67 0-32 14.33-32 32v144H32c-17.67 0-32 14.33-32 32v32c0 17.67 14.33 32 32 32h144v144c0 17.67 14.33 32 32 32h32c17.67 0 32-14.33 32-32V304h144c17.67 0 32-14.33 32-32v-32c0-17.67-14.33-32-32-32z\"><\/path><\/svg><\/span><\/a>\n\t\t<\/div>\n\t<\/div>\n\n\n<div class=\"post-entry-content\">\n\n\t<h3 class=\"ele-entry-title\"><a href=\"https:\/\/lysebu.no\/en\/pre-christmas-concert-at-lysebu\/\" rel=\"bookmark\" title=\"Pre-Christmas Concert at Lysebu\">Pre-Christmas Concert at Lysebu<\/a><\/h3><div class=\"entry-excerpt\"><p>Tuesday, December 2nd at 6:00 PM, We Invite You to a Classical Concert In collaboration with the Danish Embassy and the Friends of the Oslo&hellip;<\/p>\n<\/div><a href=\"https:\/\/lysebu.no\/en\/pre-christmas-concert-at-lysebu\/\" target=\"\" aria-label=\"Read more about Pre-Christmas Concert at Lysebu\" class=\"box-button elementor-button elementor-size-xs\">Read more<\/a>\n<\/div><\/article><\/div><div class=\"visible wf-cell iso-item\" data-post-id=\"4668\" data-date=\"2025-11-04T21:48:48+01:00\" data-name=\"Family Christmas Dinner 2025 \u2013 Open for Booking\"><article class=\"post visible post-4668 type-post status-publish format-standard has-post-thumbnail hentry category-activity-calendar\" data-name=\"Family Christmas Dinner 2025 \u2013 Open for Booking\" data-date=\"2025-11-04T21:48:48+01:00\">\n\n\t<div class=\"post-thumbnail-wrap\">\n\t\t<div class=\"post-thumbnail\">\n\n\t\t\t<a class=\"post-thumbnail-rollover layzr-bg img-css-resize-wrapper\" aria-label=\"Post image\" href=\"https:\/\/lysebu.no\/en\/family-christmas-dinner-2025-open-for-booking\/\"><img decoding=\"async\" width=\"1252\" height=\"619\" src=\"data:image\/svg+xml,%3Csvg%20xmlns%3D&#039;http%3A%2F%2Fwww.w3.org%2F2000%2Fsvg&#039;%20viewBox%3D&#039;0%200%201252%20619&#039;%2F%3E\" class=\"attachment-full size-full preload-me aspect lazy lazy-load\" alt=\"\" sizes=\"(max-width: 1252px) 100vw, 1252px\" style=\"--ratio: 1252 \/ 619;\" data-src=\"https:\/\/lysebu.no\/wp-content\/uploads\/2025\/08\/Familiejulebord-inngang-Lysebu.jpeg\" loading=\"eager\" data-srcset=\"https:\/\/lysebu.no\/wp-content\/uploads\/2025\/08\/Familiejulebord-inngang-Lysebu.jpeg 1252w, https:\/\/lysebu.no\/wp-content\/uploads\/2025\/08\/Familiejulebord-inngang-Lysebu-1000x494.jpeg 1000w, https:\/\/lysebu.no\/wp-content\/uploads\/2025\/08\/Familiejulebord-inngang-Lysebu-300x148.jpeg 300w, https:\/\/lysebu.no\/wp-content\/uploads\/2025\/08\/Familiejulebord-inngang-Lysebu-1024x506.jpeg 1024w, https:\/\/lysebu.no\/wp-content\/uploads\/2025\/08\/Familiejulebord-inngang-Lysebu-768x380.jpeg 768w\" \/><span class=\"the7-hover-icon\"><svg aria-hidden=\"true\" class=\"e-font-icon-svg e-fas-plus\" viewBox=\"0 0 448 512\" xmlns=\"http:\/\/www.w3.org\/2000\/svg\"><path d=\"M416 208H272V64c0-17.67-14.33-32-32-32h-32c-17.67 0-32 14.33-32 32v144H32c-17.67 0-32 14.33-32 32v32c0 17.67 14.33 32 32 32h144v144c0 17.67 14.33 32 32 32h32c17.67 0 32-14.33 32-32V304h144c17.67 0 32-14.33 32-32v-32c0-17.67-14.33-32-32-32z\"><\/path><\/svg><\/span><\/a>\n\t\t<\/div>\n\t<\/div>\n\n\n<div class=\"post-entry-content\">\n\n\t<h3 class=\"ele-entry-title\"><a href=\"https:\/\/lysebu.no\/en\/family-christmas-dinner-2025-open-for-booking\/\" rel=\"bookmark\" title=\"Family Christmas Dinner 2025 \u2013 Open for Booking\">Family Christmas Dinner 2025 \u2013 Open for Booking<\/a><\/h3><div class=\"entry-excerpt\"><p>CHRISTMAS DINNER FOR THE WHOLE FAMILY, DECEMBER 2025 Following tradition, we warmly welcome you back to our Christmas-decorated wonderland for this year&#8217;s family Christmas dinner.&hellip;<\/p>\n<\/div><a href=\"https:\/\/lysebu.no\/en\/family-christmas-dinner-2025-open-for-booking\/\" target=\"\" aria-label=\"Read more about Family Christmas Dinner 2025 \u2013 Open for Booking\" class=\"box-button elementor-button elementor-size-xs\">Read more<\/a>\n<\/div><\/article><\/div><div class=\"visible wf-cell iso-item\" data-post-id=\"4680\" data-date=\"2025-09-22T20:38:11+02:00\" data-name=\"Opening of Christmas Exhibition with Jette Fr\u00f6lich \u2013 November 2nd\"><article class=\"post visible post-4680 type-post status-publish format-standard has-post-thumbnail hentry category-activity-calendar\" data-name=\"Opening of Christmas Exhibition with Jette Fr\u00f6lich \u2013 November 2nd\" data-date=\"2025-09-22T20:38:11+02:00\">\n\n\t<div class=\"post-thumbnail-wrap\">\n\t\t<div class=\"post-thumbnail\">\n\n\t\t\t<a class=\"post-thumbnail-rollover layzr-bg img-css-resize-wrapper\" aria-label=\"Post image\" href=\"https:\/\/lysebu.no\/en\/opening-of-christmas-exhibition-with-jette-frolich-november-2nd\/\"><img decoding=\"async\" width=\"508\" height=\"376\" src=\"data:image\/svg+xml,%3Csvg%20xmlns%3D&#039;http%3A%2F%2Fwww.w3.org%2F2000%2Fsvg&#039;%20viewBox%3D&#039;0%200%20508%20376&#039;%2F%3E\" class=\"attachment-full size-full preload-me aspect lazy lazy-load\" alt=\"\" sizes=\"(max-width: 508px) 100vw, 508px\" style=\"--ratio: 508 \/ 376;\" data-src=\"https:\/\/lysebu.no\/wp-content\/uploads\/2025\/09\/Jette-F-julebilde.jpg\" loading=\"eager\" data-srcset=\"https:\/\/lysebu.no\/wp-content\/uploads\/2025\/09\/Jette-F-julebilde.jpg 508w, https:\/\/lysebu.no\/wp-content\/uploads\/2025\/09\/Jette-F-julebilde-300x222.jpg 300w\" \/><span class=\"the7-hover-icon\"><svg aria-hidden=\"true\" class=\"e-font-icon-svg e-fas-plus\" viewBox=\"0 0 448 512\" xmlns=\"http:\/\/www.w3.org\/2000\/svg\"><path d=\"M416 208H272V64c0-17.67-14.33-32-32-32h-32c-17.67 0-32 14.33-32 32v144H32c-17.67 0-32 14.33-32 32v32c0 17.67 14.33 32 32 32h144v144c0 17.67 14.33 32 32 32h32c17.67 0 32-14.33 32-32V304h144c17.67 0 32-14.33 32-32v-32c0-17.67-14.33-32-32-32z\"><\/path><\/svg><\/span><\/a>\n\t\t<\/div>\n\t<\/div>\n\n\n<div class=\"post-entry-content\">\n\n\t<h3 class=\"ele-entry-title\"><a href=\"https:\/\/lysebu.no\/en\/opening-of-christmas-exhibition-with-jette-frolich-november-2nd\/\" rel=\"bookmark\" title=\"Opening of Christmas Exhibition with Jette Fr\u00f6lich \u2013 November 2nd\">Opening of Christmas Exhibition with Jette Fr\u00f6lich \u2013 November 2nd<\/a><\/h3><div class=\"entry-excerpt\"><p>Christmas Atmosphere with Danish Design Sunday November 2nd Welcome to Jette Fr\u00f6lich&#8217;s Christmas exhibition at Lysebu! Fr\u00f6lich has been synonymous with Christmas in her homeland&hellip;<\/p>\n<\/div><a href=\"https:\/\/lysebu.no\/en\/opening-of-christmas-exhibition-with-jette-frolich-november-2nd\/\" target=\"\" aria-label=\"Read more about Opening of Christmas Exhibition with Jette Fr\u00f6lich \u2013 November 2nd\" class=\"box-button elementor-button elementor-size-xs\">Read more<\/a>\n<\/div><\/article><\/div><div class=\"visible wf-cell iso-item\" data-post-id=\"4672\" data-date=\"2025-08-31T16:24:46+02:00\" data-name=\"Game Night at Lysebu October 17 &amp; 24\"><article class=\"post visible post-4672 type-post status-publish format-standard has-post-thumbnail hentry category-activity-calendar\" data-name=\"Game Night at Lysebu October 17 &amp; 24\" data-date=\"2025-08-31T16:24:46+02:00\">\n\n\t<div class=\"post-thumbnail-wrap\">\n\t\t<div class=\"post-thumbnail\">\n\n\t\t\t<a class=\"post-thumbnail-rollover layzr-bg img-css-resize-wrapper\" aria-label=\"Post image\" href=\"https:\/\/lysebu.no\/en\/game-night-at-lysebu-october-17-24\/\"><img decoding=\"async\" width=\"2560\" height=\"1920\" src=\"data:image\/svg+xml,%3Csvg%20xmlns%3D&#039;http%3A%2F%2Fwww.w3.org%2F2000%2Fsvg&#039;%20viewBox%3D&#039;0%200%202560%201920&#039;%2F%3E\" class=\"attachment-full size-full preload-me aspect lazy lazy-load\" alt=\"\" sizes=\"(max-width: 2560px) 100vw, 2560px\" style=\"--ratio: 2560 \/ 1920;\" data-src=\"https:\/\/lysebu.no\/wp-content\/uploads\/2025\/08\/Viltaften-scaled.jpg\" loading=\"eager\" data-srcset=\"https:\/\/lysebu.no\/wp-content\/uploads\/2025\/08\/Viltaften-scaled.jpg 2560w, https:\/\/lysebu.no\/wp-content\/uploads\/2025\/08\/Viltaften-scaled-1000x750.jpg 1000w, https:\/\/lysebu.no\/wp-content\/uploads\/2025\/08\/Viltaften-300x225.jpg 300w, https:\/\/lysebu.no\/wp-content\/uploads\/2025\/08\/Viltaften-1024x768.jpg 1024w, https:\/\/lysebu.no\/wp-content\/uploads\/2025\/08\/Viltaften-768x576.jpg 768w, https:\/\/lysebu.no\/wp-content\/uploads\/2025\/08\/Viltaften-1536x1152.jpg 1536w, https:\/\/lysebu.no\/wp-content\/uploads\/2025\/08\/Viltaften-2048x1536.jpg 2048w\" \/><span class=\"the7-hover-icon\"><svg aria-hidden=\"true\" class=\"e-font-icon-svg e-fas-plus\" viewBox=\"0 0 448 512\" xmlns=\"http:\/\/www.w3.org\/2000\/svg\"><path d=\"M416 208H272V64c0-17.67-14.33-32-32-32h-32c-17.67 0-32 14.33-32 32v144H32c-17.67 0-32 14.33-32 32v32c0 17.67 14.33 32 32 32h144v144c0 17.67 14.33 32 32 32h32c17.67 0 32-14.33 32-32V304h144c17.67 0 32-14.33 32-32v-32c0-17.67-14.33-32-32-32z\"><\/path><\/svg><\/span><\/a>\n\t\t<\/div>\n\t<\/div>\n\n\n<div class=\"post-entry-content\">\n\n\t<h3 class=\"ele-entry-title\"><a href=\"https:\/\/lysebu.no\/en\/game-night-at-lysebu-october-17-24\/\" rel=\"bookmark\" title=\"Game Night at Lysebu October 17 &amp; 24\">Game Night at Lysebu October 17 &amp; 24<\/a><\/h3><div class=\"entry-excerpt\"><p>Friday, October 17 and Friday, October 24 Autumn will soon be at its most beautiful, and the mountains offer their richest flavors. We invite you&hellip;<\/p>\n<\/div><a href=\"https:\/\/lysebu.no\/en\/game-night-at-lysebu-october-17-24\/\" target=\"\" aria-label=\"Read more about Game Night at Lysebu October 17 &amp; 24\" class=\"box-button elementor-button elementor-size-xs\">Read more<\/a>\n<\/div><\/article><\/div><\/div><!-- iso-container|iso-grid --><\/div>\t\t\t\t<\/div>\n\t\t\t\t<\/div>\n\t\t\t\t\t<\/div>\n\t\t<\/div>\n\t\t\t\t\t<\/div>\n\t\t<\/section>\n\t\t\t\t<\/div>\n\t\t","protected":false},"excerpt":{"rendered":"<p>Activity Calendar Here you will find upcoming events at Lysebu. If you have requests for a customized activity, please contact us and we will assist you. Nye porselenshus fra Jette Fr\u00f6lich x Porsgrunds Porsel\u00e6nsfabrik Vi p\u00e5 Lysebu gleder oss over \u00e5 \u00f8nske to nye porselenshus velkommen i den popul\u00e6re Lysebu-kolleksjonen fra Porsgrunds Porsel\u00e6nsfabrik. Fra f\u00f8r&hellip;<\/p>\n","protected":false},"author":2,"featured_media":4356,"parent":0,"menu_order":0,"comment_status":"closed","ping_status":"closed","template":"","meta":{"footnotes":""},"class_list":["post-4355","page","type-page","status-publish","has-post-thumbnail","hentry"],"yoast_head":"<!-- This site is optimized with the Yoast SEO plugin v27.5 - https:\/\/yoast.com\/product\/yoast-seo-wordpress\/ -->\n<title>Activity Calendar - Lysebu hotell<\/title>\n<meta name=\"description\" content=\"Here you will find fun and exciting activities we offer at Lysebu throughout the year. If you would like to stay informed about all activities, please subscribe to our newsletter\" \/>\n<meta name=\"robots\" content=\"index, follow, max-snippet:-1, max-image-preview:large, max-video-preview:-1\" \/>\n<link rel=\"canonical\" href=\"https:\/\/lysebu.no\/en\/activity-calendar\/\" \/>\n<meta property=\"og:locale\" content=\"en_US\" \/>\n<meta property=\"og:type\" content=\"article\" \/>\n<meta property=\"og:title\" content=\"Activity Calendar - Lysebu hotell\" \/>\n<meta property=\"og:description\" content=\"Here you will find fun and exciting activities we offer at Lysebu throughout the year. If you would like to stay informed about all activities, please subscribe to our newsletter\" \/>\n<meta property=\"og:url\" content=\"https:\/\/lysebu.no\/en\/activity-calendar\/\" \/>\n<meta property=\"og:site_name\" content=\"Lysebu hotell\" \/>\n<meta property=\"article:modified_time\" content=\"2025-11-05T10:52:04+00:00\" \/>\n<meta property=\"og:image\" content=\"https:\/\/lysebu.no\/wp-content\/uploads\/2025\/10\/Lysebu_kjokken-3.jpg\" \/>\n\t<meta property=\"og:image:width\" content=\"2560\" \/>\n\t<meta property=\"og:image:height\" content=\"1707\" \/>\n\t<meta property=\"og:image:type\" content=\"image\/jpeg\" \/>\n<meta name=\"twitter:card\" content=\"summary_large_image\" \/>\n<meta name=\"twitter:label1\" content=\"Est. reading time\" \/>\n\t<meta name=\"twitter:data1\" content=\"1 minute\" \/>\n<script type=\"application\/ld+json\" class=\"yoast-schema-graph\">{\"@context\":\"https:\\\/\\\/schema.org\",\"@graph\":[{\"@type\":\"WebPage\",\"@id\":\"https:\\\/\\\/lysebu.no\\\/en\\\/activity-calendar\\\/\",\"url\":\"https:\\\/\\\/lysebu.no\\\/en\\\/activity-calendar\\\/\",\"name\":\"Activity Calendar - Lysebu hotell\",\"isPartOf\":{\"@id\":\"https:\\\/\\\/lysebu.no\\\/en\\\/#website\"},\"primaryImageOfPage\":{\"@id\":\"https:\\\/\\\/lysebu.no\\\/en\\\/activity-calendar\\\/#primaryimage\"},\"image\":{\"@id\":\"https:\\\/\\\/lysebu.no\\\/en\\\/activity-calendar\\\/#primaryimage\"},\"thumbnailUrl\":\"https:\\\/\\\/lysebu.no\\\/wp-content\\\/uploads\\\/2025\\\/10\\\/Lysebu_kjokken-3.jpg\",\"datePublished\":\"2025-10-29T19:38:04+00:00\",\"dateModified\":\"2025-11-05T10:52:04+00:00\",\"description\":\"Here you will find fun and exciting activities we offer at Lysebu throughout the year. If you would like to stay informed about all activities, please subscribe to our newsletter\",\"breadcrumb\":{\"@id\":\"https:\\\/\\\/lysebu.no\\\/en\\\/activity-calendar\\\/#breadcrumb\"},\"inLanguage\":\"en-US\",\"potentialAction\":[{\"@type\":\"ReadAction\",\"target\":[\"https:\\\/\\\/lysebu.no\\\/en\\\/activity-calendar\\\/\"]}]},{\"@type\":\"ImageObject\",\"inLanguage\":\"en-US\",\"@id\":\"https:\\\/\\\/lysebu.no\\\/en\\\/activity-calendar\\\/#primaryimage\",\"url\":\"https:\\\/\\\/lysebu.no\\\/wp-content\\\/uploads\\\/2025\\\/10\\\/Lysebu_kjokken-3.jpg\",\"contentUrl\":\"https:\\\/\\\/lysebu.no\\\/wp-content\\\/uploads\\\/2025\\\/10\\\/Lysebu_kjokken-3.jpg\",\"width\":2560,\"height\":1707},{\"@type\":\"BreadcrumbList\",\"@id\":\"https:\\\/\\\/lysebu.no\\\/en\\\/activity-calendar\\\/#breadcrumb\",\"itemListElement\":[{\"@type\":\"ListItem\",\"position\":1,\"name\":\"Home\",\"item\":\"https:\\\/\\\/lysebu.no\\\/en\\\/home\\\/\"},{\"@type\":\"ListItem\",\"position\":2,\"name\":\"Activity Calendar\"}]},{\"@type\":\"WebSite\",\"@id\":\"https:\\\/\\\/lysebu.no\\\/en\\\/#website\",\"url\":\"https:\\\/\\\/lysebu.no\\\/en\\\/\",\"name\":\"Lysebu hotell\",\"description\":\"\",\"publisher\":{\"@id\":\"https:\\\/\\\/lysebu.no\\\/en\\\/#organization\"},\"potentialAction\":[{\"@type\":\"SearchAction\",\"target\":{\"@type\":\"EntryPoint\",\"urlTemplate\":\"https:\\\/\\\/lysebu.no\\\/en\\\/?s={search_term_string}\"},\"query-input\":{\"@type\":\"PropertyValueSpecification\",\"valueRequired\":true,\"valueName\":\"search_term_string\"}}],\"inLanguage\":\"en-US\"},{\"@type\":\"Organization\",\"@id\":\"https:\\\/\\\/lysebu.no\\\/en\\\/#organization\",\"name\":\"Lysebu hotell\",\"url\":\"https:\\\/\\\/lysebu.no\\\/en\\\/\",\"logo\":{\"@type\":\"ImageObject\",\"inLanguage\":\"en-US\",\"@id\":\"https:\\\/\\\/lysebu.no\\\/en\\\/#\\\/schema\\\/logo\\\/image\\\/\",\"url\":\"https:\\\/\\\/lysebu.no\\\/wp-content\\\/uploads\\\/2021\\\/05\\\/Lysebu_logo_footer_hvit.png\",\"contentUrl\":\"https:\\\/\\\/lysebu.no\\\/wp-content\\\/uploads\\\/2021\\\/05\\\/Lysebu_logo_footer_hvit.png\",\"width\":195,\"height\":91,\"caption\":\"Lysebu hotell\"},\"image\":{\"@id\":\"https:\\\/\\\/lysebu.no\\\/en\\\/#\\\/schema\\\/logo\\\/image\\\/\"}}]}<\/script>\n<!-- \/ Yoast SEO plugin. -->","yoast_head_json":{"title":"Activity Calendar - Lysebu hotell","description":"Here you will find fun and exciting activities we offer at Lysebu throughout the year. If you would like to stay informed about all activities, please subscribe to our newsletter","robots":{"index":"index","follow":"follow","max-snippet":"max-snippet:-1","max-image-preview":"max-image-preview:large","max-video-preview":"max-video-preview:-1"},"canonical":"https:\/\/lysebu.no\/en\/activity-calendar\/","og_locale":"en_US","og_type":"article","og_title":"Activity Calendar - Lysebu hotell","og_description":"Here you will find fun and exciting activities we offer at Lysebu throughout the year. If you would like to stay informed about all activities, please subscribe to our newsletter","og_url":"https:\/\/lysebu.no\/en\/activity-calendar\/","og_site_name":"Lysebu hotell","article_modified_time":"2025-11-05T10:52:04+00:00","og_image":[{"width":2560,"height":1707,"url":"https:\/\/lysebu.no\/wp-content\/uploads\/2025\/10\/Lysebu_kjokken-3.jpg","type":"image\/jpeg"}],"twitter_card":"summary_large_image","twitter_misc":{"Est. reading time":"1 minute"},"schema":{"@context":"https:\/\/schema.org","@graph":[{"@type":"WebPage","@id":"https:\/\/lysebu.no\/en\/activity-calendar\/","url":"https:\/\/lysebu.no\/en\/activity-calendar\/","name":"Activity Calendar - Lysebu hotell","isPartOf":{"@id":"https:\/\/lysebu.no\/en\/#website"},"primaryImageOfPage":{"@id":"https:\/\/lysebu.no\/en\/activity-calendar\/#primaryimage"},"image":{"@id":"https:\/\/lysebu.no\/en\/activity-calendar\/#primaryimage"},"thumbnailUrl":"https:\/\/lysebu.no\/wp-content\/uploads\/2025\/10\/Lysebu_kjokken-3.jpg","datePublished":"2025-10-29T19:38:04+00:00","dateModified":"2025-11-05T10:52:04+00:00","description":"Here you will find fun and exciting activities we offer at Lysebu throughout the year. If you would like to stay informed about all activities, please subscribe to our newsletter","breadcrumb":{"@id":"https:\/\/lysebu.no\/en\/activity-calendar\/#breadcrumb"},"inLanguage":"en-US","potentialAction":[{"@type":"ReadAction","target":["https:\/\/lysebu.no\/en\/activity-calendar\/"]}]},{"@type":"ImageObject","inLanguage":"en-US","@id":"https:\/\/lysebu.no\/en\/activity-calendar\/#primaryimage","url":"https:\/\/lysebu.no\/wp-content\/uploads\/2025\/10\/Lysebu_kjokken-3.jpg","contentUrl":"https:\/\/lysebu.no\/wp-content\/uploads\/2025\/10\/Lysebu_kjokken-3.jpg","width":2560,"height":1707},{"@type":"BreadcrumbList","@id":"https:\/\/lysebu.no\/en\/activity-calendar\/#breadcrumb","itemListElement":[{"@type":"ListItem","position":1,"name":"Home","item":"https:\/\/lysebu.no\/en\/home\/"},{"@type":"ListItem","position":2,"name":"Activity Calendar"}]},{"@type":"WebSite","@id":"https:\/\/lysebu.no\/en\/#website","url":"https:\/\/lysebu.no\/en\/","name":"Lysebu hotell","description":"","publisher":{"@id":"https:\/\/lysebu.no\/en\/#organization"},"potentialAction":[{"@type":"SearchAction","target":{"@type":"EntryPoint","urlTemplate":"https:\/\/lysebu.no\/en\/?s={search_term_string}"},"query-input":{"@type":"PropertyValueSpecification","valueRequired":true,"valueName":"search_term_string"}}],"inLanguage":"en-US"},{"@type":"Organization","@id":"https:\/\/lysebu.no\/en\/#organization","name":"Lysebu hotell","url":"https:\/\/lysebu.no\/en\/","logo":{"@type":"ImageObject","inLanguage":"en-US","@id":"https:\/\/lysebu.no\/en\/#\/schema\/logo\/image\/","url":"https:\/\/lysebu.no\/wp-content\/uploads\/2021\/05\/Lysebu_logo_footer_hvit.png","contentUrl":"https:\/\/lysebu.no\/wp-content\/uploads\/2021\/05\/Lysebu_logo_footer_hvit.png","width":195,"height":91,"caption":"Lysebu hotell"},"image":{"@id":"https:\/\/lysebu.no\/en\/#\/schema\/logo\/image\/"}}]}},"_links":{"self":[{"href":"https:\/\/lysebu.no\/en\/wp-json\/wp\/v2\/pages\/4355","targetHints":{"allow":["GET"]}}],"collection":[{"href":"https:\/\/lysebu.no\/en\/wp-json\/wp\/v2\/pages"}],"about":[{"href":"https:\/\/lysebu.no\/en\/wp-json\/wp\/v2\/types\/page"}],"author":[{"embeddable":true,"href":"https:\/\/lysebu.no\/en\/wp-json\/wp\/v2\/users\/2"}],"replies":[{"embeddable":true,"href":"https:\/\/lysebu.no\/en\/wp-json\/wp\/v2\/comments?post=4355"}],"version-history":[{"count":1,"href":"https:\/\/lysebu.no\/en\/wp-json\/wp\/v2\/pages\/4355\/revisions"}],"predecessor-version":[{"id":4357,"href":"https:\/\/lysebu.no\/en\/wp-json\/wp\/v2\/pages\/4355\/revisions\/4357"}],"wp:featuredmedia":[{"embeddable":true,"href":"https:\/\/lysebu.no\/en\/wp-json\/wp\/v2\/media\/4356"}],"wp:attachment":[{"href":"https:\/\/lysebu.no\/en\/wp-json\/wp\/v2\/media?parent=4355"}],"curies":[{"name":"wp","href":"https:\/\/api.w.org\/{rel}","templated":true}]}}